{"version":"1.0","provider_name":"Il Giardino di Corten","provider_url":"https:\/\/ilgiardinodicorten.it\/fr\/","author_name":"adigi-admin","author_url":"https:\/\/ilgiardinodicorten.it\/fr\/author\/adigi-admin\/","title":"Produits - Il Giardino di Corten","type":"rich","width":600,"height":338,"html":"<blockquote class=\"wp-embedded-content\" data-secret=\"xnkncWN7Tp\"><a href=\"https:\/\/ilgiardinodicorten.it\/fr\/produits\/\">Produits<\/a><\/blockquote><iframe sandbox=\"allow-scripts\" security=\"restricted\" src=\"https:\/\/ilgiardinodicorten.it\/fr\/produits\/embed\/#?secret=xnkncWN7Tp\" width=\"600\" height=\"338\" title=\"\u00ab\u00a0Produits\u00a0\u00bb &#8212; Il Giardino di Corten\" data-secret=\"xnkncWN7Tp\" frameborder=\"0\" marginwidth=\"0\" marginheight=\"0\" scrolling=\"no\" class=\"wp-embedded-content\"><\/iframe><script type=\"text\/javascript\">\n\/* <![CDATA[ *\/\n\/*! This file is auto-generated *\/\n!function(d,l){\"use strict\";l.querySelector&&d.addEventListener&&\"undefined\"!=typeof URL&&(d.wp=d.wp||{},d.wp.receiveEmbedMessage||(d.wp.receiveEmbedMessage=function(e){var t=e.data;if((t||t.secret||t.message||t.value)&&!\/[^a-zA-Z0-9]\/.test(t.secret)){for(var s,r,n,a=l.querySelectorAll('iframe[data-secret=\"'+t.secret+'\"]'),o=l.querySelectorAll('blockquote[data-secret=\"'+t.secret+'\"]'),c=new RegExp(\"^https?:$\",\"i\"),i=0;i<o.length;i++)o[i].style.display=\"none\";for(i=0;i<a.length;i++)s=a[i],e.source===s.contentWindow&&(s.removeAttribute(\"style\"),\"height\"===t.message?(1e3<(r=parseInt(t.value,10))?r=1e3:~~r<200&&(r=200),s.height=r):\"link\"===t.message&&(r=new URL(s.getAttribute(\"src\")),n=new URL(t.value),c.test(n.protocol))&&n.host===r.host&&l.activeElement===s&&(d.top.location.href=t.value))}},d.addEventListener(\"message\",d.wp.receiveEmbedMessage,!1),l.addEventListener(\"DOMContentLoaded\",function(){for(var e,t,s=l.querySelectorAll(\"iframe.wp-embedded-content\"),r=0;r<s.length;r++)(t=(e=s[r]).getAttribute(\"data-secret\"))||(t=Math.random().toString(36).substring(2,12),e.src+=\"#?secret=\"+t,e.setAttribute(\"data-secret\",t)),e.contentWindow.postMessage({message:\"ready\",secret:t},\"*\")},!1)))}(window,document);\n\/\/# sourceURL=https:\/\/ilgiardinodicorten.it\/wp-includes\/js\/wp-embed.min.js\n\/* ]]> *\/\n<\/script>\n","description":"Certificat d&#8217;authenticit\u00e9 Chaque objet Il Giardino di Corten est accompagn\u00e9 d&#8217;un certificat d&#8217;authenticit\u00e9 qui garantit son originalit\u00e9, car il est enti\u00e8rement con\u00e7u et fabriqu\u00e9 dans l&#8217;atelier Il Giardino di Corten avec la plus grande comp\u00e9tence et le plus grand soin. Chaque le produit est unique, parce que la mati\u00e8re premi\u00e8re est unique, parce que le chemin cr\u00e9atif et productif qui a conduit \u00e0 sa cr\u00e9ation est unique. Distribution Les solutions et accessoires d&#8217;ameublement Il Giardino di Corten sont con\u00e7us pour rendre les espaces ext\u00e9rieurs plus beaux et plus habitables, qu&#8217;il s&#8217;agisse de jardins, de terrasses, de terrasses, de villes. Les produits sont distribu\u00e9s via le commerce \u00e9lectronique et la collaboration d&#8217;un r\u00e9seau de vente qualifi\u00e9 et articul\u00e9, compos\u00e9 de revendeurs, d&#8217;agents et de distributeurs tant au niveau national qu&#8217;international. VOIR TOUS LES PRODUITS D\u00e9couvrez toutes nos collections PRODUITS CORTEN FONTAINES D\u00e9couvrir la collection > PRODUITS CORTEN TABLES ET SI\u00c8GES D\u00e9couvrir la collection > PRODUITS CORTEN OMBRES D\u00e9couvrir la collection > PRODUITS CORTEN JARDINI\u00c8RES D\u00e9couvrir la collection > PRODUITS CORTEN CL\u00d4TES ET BORDURES D\u00e9couvrir la collection > PRODUITS CORTEN LES FAUTEUILS D\u00e9couvrir la collection > PRODUITS CORTEN CONVIVIUM D\u00e9couvrir la collection > PRODUITS CORTEN LA STANZACHE NON C&#8217;\u00c8 D\u00e9couvrir la collection > PRODUITS CORTEN DOCCIART D\u00e9couvrir la collection > PRODUITS CORTEN CONTENEURS D\u00e9couvrir la collection > PRODUITS CORTEN FRAGMENTSD&#8217;ESTH\u00c9TIQUE D\u00e9couvrir la collection > PRODUITS CORTEN CORTENCOLORS D\u00e9couvrir la collection > PRODUITS CORTEN PERSONNALIS\u00c9 D\u00e9couvrir la collection > PRODUITS CORTEN EN PROMOTION D\u00e9couvrir la collection >","thumbnail_url":"https:\/\/ilgiardinodicorten.it\/wp-content\/uploads\/2022\/12\/img-fontane.jpg"}