{"id":22263,"date":"2017-11-28T18:09:21","date_gmt":"2017-11-28T17:09:21","guid":{"rendered":"https:\/\/ilgiardinodicorten.it\/prodotto\/recinzione-atena\/"},"modified":"2017-11-28T18:09:21","modified_gmt":"2017-11-28T17:09:21","slug":"recinzione-atena","status":"publish","type":"product","link":"https:\/\/ilgiardinodicorten.it\/fr\/produit\/recinzione-atena\/","title":{"rendered":"Recinzione Atena"},"content":{"rendered":"<p>Une cl\u00f4ture en acier Corten s\u00fbre et simple \u00e0 placer. La cl\u00f4ture Atena est compos\u00e9e d&#8217;\u00e9l\u00e9ments modulaires, elle peut \u00eatre fix\u00e9e directement sur un mur d&#8217;enceinte, ou sur une fondation qui dispara\u00eet sous le niveau du sol. La cl\u00f4ture Atena poss\u00e8de un module jardini\u00e8re \u00e0 la base ce qui la rend \u00e9l\u00e9gante et donne de la stabilit\u00e9 \u00e0 l&#8217;ensemble.<\/p>\n<p>Construit sur mesure, il assure la discr\u00e9tion gr\u00e2ce \u00e0 sa conception qui emp\u00eache d&#8217;\u00eatre vu de l&#8217;ext\u00e9rieur tout en ne restreignant pas le passage de l&#8217;air. De plus, une s\u00e9curit\u00e9 maximale est garantie par des syst\u00e8mes anti-escalade.<\/p>\n","protected":false},"excerpt":{"rendered":"<p>Une cl\u00f4ture s\u00fbre et simple \u00e0 placer car elle a \u00e9t\u00e9 con\u00e7ue en combinaison avec la jardini\u00e8re plac\u00e9e sur sa base.<\/p>\n","protected":false},"featured_media":20576,"template":"","meta":{"_acf_changed":false},"product_brand":[],"product_cat":[325],"product_tag":[],"class_list":{"0":"post-22263","1":"product","2":"type-product","3":"status-publish","4":"has-post-thumbnail","6":"product_cat-clotures-et-bordures","9":"first","10":"instock","11":"taxable","12":"shipping-taxable","13":"product-type-simple"},"acf":[],"yoast_head":"<!-- This site is optimized with the Yoast SEO plugin v27.5 - https:\/\/yoast.com\/product\/yoast-seo-wordpress\/ -->\n<title>Recinzione Atena - Il Giardino di Corten<\/title>\n<meta name=\"robots\" content=\"index, follow, max-snippet:-1, max-image-preview:large, max-video-preview:-1\" \/>\n<link rel=\"canonical\" href=\"https:\/\/ilgiardinodicorten.it\/produit\/recinzione-atena\/\" \/>\n<meta property=\"og:locale\" content=\"fr_FR\" \/>\n<meta property=\"og:type\" content=\"article\" \/>\n<meta property=\"og:title\" content=\"Recinzione Atena - Il Giardino di Corten\" \/>\n<meta property=\"og:description\" content=\"Une cl\u00f4ture s\u00fbre et simple \u00e0 placer car elle a \u00e9t\u00e9 con\u00e7ue en combinaison avec la jardini\u00e8re plac\u00e9e sur sa base.\" \/>\n<meta property=\"og:url\" content=\"https:\/\/ilgiardinodicorten.it\/produit\/recinzione-atena\/\" \/>\n<meta property=\"og:site_name\" content=\"Il Giardino di Corten\" \/>\n<meta property=\"og:image\" content=\"https:\/\/ilgiardinodicorten.it\/wp-content\/uploads\/2017\/11\/recinzione-atena-ok6-scaled-1.jpg\" \/>\n\t<meta property=\"og:image:width\" content=\"2560\" \/>\n\t<meta property=\"og:image:height\" content=\"1707\" \/>\n\t<meta property=\"og:image:type\" content=\"image\/jpeg\" \/>\n<meta name=\"twitter:card\" content=\"summary_large_image\" \/>\n<meta name=\"twitter:label1\" content=\"Dur\u00e9e de lecture estim\u00e9e\" \/>\n\t<meta name=\"twitter:data1\" content=\"1 minute\" \/>\n<script type=\"application\/ld+json\" class=\"yoast-schema-graph\">{\"@context\":\"https:\\\/\\\/schema.org\",\"@graph\":[{\"@type\":\"WebPage\",\"@id\":\"https:\\\/\\\/ilgiardinodicorten.it\\\/produit\\\/recinzione-atena\\\/\",\"url\":\"https:\\\/\\\/ilgiardinodicorten.it\\\/produit\\\/recinzione-atena\\\/\",\"name\":\"Recinzione Atena - Il Giardino di Corten\",\"isPartOf\":{\"@id\":\"https:\\\/\\\/ilgiardinodicorten.it\\\/#website\"},\"primaryImageOfPage\":{\"@id\":\"https:\\\/\\\/ilgiardinodicorten.it\\\/produit\\\/recinzione-atena\\\/#primaryimage\"},\"image\":{\"@id\":\"https:\\\/\\\/ilgiardinodicorten.it\\\/produit\\\/recinzione-atena\\\/#primaryimage\"},\"thumbnailUrl\":\"https:\\\/\\\/ilgiardinodicorten.it\\\/wp-content\\\/uploads\\\/2017\\\/11\\\/recinzione-atena-ok6-scaled-1.jpg\",\"datePublished\":\"2017-11-28T17:09:21+00:00\",\"breadcrumb\":{\"@id\":\"https:\\\/\\\/ilgiardinodicorten.it\\\/produit\\\/recinzione-atena\\\/#breadcrumb\"},\"inLanguage\":\"fr-FR\",\"potentialAction\":[{\"@type\":\"ReadAction\",\"target\":[\"https:\\\/\\\/ilgiardinodicorten.it\\\/produit\\\/recinzione-atena\\\/\"]}]},{\"@type\":\"ImageObject\",\"inLanguage\":\"fr-FR\",\"@id\":\"https:\\\/\\\/ilgiardinodicorten.it\\\/produit\\\/recinzione-atena\\\/#primaryimage\",\"url\":\"https:\\\/\\\/ilgiardinodicorten.it\\\/wp-content\\\/uploads\\\/2017\\\/11\\\/recinzione-atena-ok6-scaled-1.jpg\",\"contentUrl\":\"https:\\\/\\\/ilgiardinodicorten.it\\\/wp-content\\\/uploads\\\/2017\\\/11\\\/recinzione-atena-ok6-scaled-1.jpg\",\"width\":2560,\"height\":1707},{\"@type\":\"BreadcrumbList\",\"@id\":\"https:\\\/\\\/ilgiardinodicorten.it\\\/produit\\\/recinzione-atena\\\/#breadcrumb\",\"itemListElement\":[{\"@type\":\"ListItem\",\"position\":1,\"name\":\"Home\",\"item\":\"https:\\\/\\\/ilgiardinodicorten.it\\\/fr\\\/\"},{\"@type\":\"ListItem\",\"position\":2,\"name\":\"Boutique\",\"item\":\"https:\\\/\\\/ilgiardinodicorten.it\\\/fr\\\/boutique\\\/\"},{\"@type\":\"ListItem\",\"position\":3,\"name\":\"Recinzione Atena\"}]},{\"@type\":\"WebSite\",\"@id\":\"https:\\\/\\\/ilgiardinodicorten.it\\\/#website\",\"url\":\"https:\\\/\\\/ilgiardinodicorten.it\\\/\",\"name\":\"Il Giardino di Corten\",\"description\":\"\",\"potentialAction\":[{\"@type\":\"SearchAction\",\"target\":{\"@type\":\"EntryPoint\",\"urlTemplate\":\"https:\\\/\\\/ilgiardinodicorten.it\\\/?s={search_term_string}\"},\"query-input\":{\"@type\":\"PropertyValueSpecification\",\"valueRequired\":true,\"valueName\":\"search_term_string\"}}],\"inLanguage\":\"fr-FR\"}]}<\/script>\n<!-- \/ Yoast SEO plugin. -->","yoast_head_json":{"title":"Recinzione Atena - Il Giardino di Corten","robots":{"index":"index","follow":"follow","max-snippet":"max-snippet:-1","max-image-preview":"max-image-preview:large","max-video-preview":"max-video-preview:-1"},"canonical":"https:\/\/ilgiardinodicorten.it\/produit\/recinzione-atena\/","og_locale":"fr_FR","og_type":"article","og_title":"Recinzione Atena - Il Giardino di Corten","og_description":"Une cl\u00f4ture s\u00fbre et simple \u00e0 placer car elle a \u00e9t\u00e9 con\u00e7ue en combinaison avec la jardini\u00e8re plac\u00e9e sur sa base.","og_url":"https:\/\/ilgiardinodicorten.it\/produit\/recinzione-atena\/","og_site_name":"Il Giardino di Corten","og_image":[{"width":2560,"height":1707,"url":"https:\/\/ilgiardinodicorten.it\/wp-content\/uploads\/2017\/11\/recinzione-atena-ok6-scaled-1.jpg","type":"image\/jpeg"}],"twitter_card":"summary_large_image","twitter_misc":{"Dur\u00e9e de lecture estim\u00e9e":"1 minute"},"schema":{"@context":"https:\/\/schema.org","@graph":[{"@type":"WebPage","@id":"https:\/\/ilgiardinodicorten.it\/produit\/recinzione-atena\/","url":"https:\/\/ilgiardinodicorten.it\/produit\/recinzione-atena\/","name":"Recinzione Atena - Il Giardino di Corten","isPartOf":{"@id":"https:\/\/ilgiardinodicorten.it\/#website"},"primaryImageOfPage":{"@id":"https:\/\/ilgiardinodicorten.it\/produit\/recinzione-atena\/#primaryimage"},"image":{"@id":"https:\/\/ilgiardinodicorten.it\/produit\/recinzione-atena\/#primaryimage"},"thumbnailUrl":"https:\/\/ilgiardinodicorten.it\/wp-content\/uploads\/2017\/11\/recinzione-atena-ok6-scaled-1.jpg","datePublished":"2017-11-28T17:09:21+00:00","breadcrumb":{"@id":"https:\/\/ilgiardinodicorten.it\/produit\/recinzione-atena\/#breadcrumb"},"inLanguage":"fr-FR","potentialAction":[{"@type":"ReadAction","target":["https:\/\/ilgiardinodicorten.it\/produit\/recinzione-atena\/"]}]},{"@type":"ImageObject","inLanguage":"fr-FR","@id":"https:\/\/ilgiardinodicorten.it\/produit\/recinzione-atena\/#primaryimage","url":"https:\/\/ilgiardinodicorten.it\/wp-content\/uploads\/2017\/11\/recinzione-atena-ok6-scaled-1.jpg","contentUrl":"https:\/\/ilgiardinodicorten.it\/wp-content\/uploads\/2017\/11\/recinzione-atena-ok6-scaled-1.jpg","width":2560,"height":1707},{"@type":"BreadcrumbList","@id":"https:\/\/ilgiardinodicorten.it\/produit\/recinzione-atena\/#breadcrumb","itemListElement":[{"@type":"ListItem","position":1,"name":"Home","item":"https:\/\/ilgiardinodicorten.it\/fr\/"},{"@type":"ListItem","position":2,"name":"Boutique","item":"https:\/\/ilgiardinodicorten.it\/fr\/boutique\/"},{"@type":"ListItem","position":3,"name":"Recinzione Atena"}]},{"@type":"WebSite","@id":"https:\/\/ilgiardinodicorten.it\/#website","url":"https:\/\/ilgiardinodicorten.it\/","name":"Il Giardino di Corten","description":"","potentialAction":[{"@type":"SearchAction","target":{"@type":"EntryPoint","urlTemplate":"https:\/\/ilgiardinodicorten.it\/?s={search_term_string}"},"query-input":{"@type":"PropertyValueSpecification","valueRequired":true,"valueName":"search_term_string"}}],"inLanguage":"fr-FR"}]}},"_links":{"self":[{"href":"https:\/\/ilgiardinodicorten.it\/fr\/wp-json\/wp\/v2\/product\/22263","targetHints":{"allow":["GET"]}}],"collection":[{"href":"https:\/\/ilgiardinodicorten.it\/fr\/wp-json\/wp\/v2\/product"}],"about":[{"href":"https:\/\/ilgiardinodicorten.it\/fr\/wp-json\/wp\/v2\/types\/product"}],"wp:featuredmedia":[{"embeddable":true,"href":"https:\/\/ilgiardinodicorten.it\/fr\/wp-json\/wp\/v2\/media\/20576"}],"wp:attachment":[{"href":"https:\/\/ilgiardinodicorten.it\/fr\/wp-json\/wp\/v2\/media?parent=22263"}],"wp:term":[{"taxonomy":"product_brand","embeddable":true,"href":"https:\/\/ilgiardinodicorten.it\/fr\/wp-json\/wp\/v2\/product_brand?post=22263"},{"taxonomy":"product_cat","embeddable":true,"href":"https:\/\/ilgiardinodicorten.it\/fr\/wp-json\/wp\/v2\/product_cat?post=22263"},{"taxonomy":"product_tag","embeddable":true,"href":"https:\/\/ilgiardinodicorten.it\/fr\/wp-json\/wp\/v2\/product_tag?post=22263"}],"curies":[{"name":"wp","href":"https:\/\/api.w.org\/{rel}","templated":true}]}}